{"id":39,"date":"2020-10-17T13:14:12","date_gmt":"2020-10-17T13:14:12","guid":{"rendered":"https:\/\/oeztuerk-recht.de\/?page_id=39"},"modified":"2022-02-06T00:07:22","modified_gmt":"2022-02-05T23:07:22","slug":"hizmetlerimiz-danismanlik-tr","status":"publish","type":"page","link":"https:\/\/oeztuerk-recht.de\/?page_id=39","title":{"rendered":"Faaliyet Alanlar\u0131m\u0131z (TR)"},"content":{"rendered":"\t\t<div data-elementor-type=\"wp-page\" data-elementor-id=\"39\" class=\"elementor elementor-39\">\n\t\t\t\t\t\t<section class=\"elementor-section elementor-top-section elementor-element elementor-element-d6b3eeb elementor-section-boxed elementor-section-height-default elementor-section-height-default\" data-id=\"d6b3eeb\" data-element_type=\"section\" data-e-type=\"section\">\n\t\t\t\t\t\t<div class=\"elementor-container elementor-column-gap-default\">\n\t\t\t\t\t<div class=\"elementor-column elementor-col-100 elementor-top-column elementor-element elementor-element-666d5b3\" data-id=\"666d5b3\" data-element_type=\"column\" data-e-type=\"column\">\n\t\t\t<div class=\"elementor-widget-wrap elementor-element-populated\">\n\t\t\t\t\t\t<div class=\"elementor-element elementor-element-fb8a024 elementor-widget elementor-widget-heading\" data-id=\"fb8a024\" data-element_type=\"widget\" data-e-type=\"widget\" data-widget_type=\"heading.default\">\n\t\t\t\t<div class=\"elementor-widget-container\">\n\t\t\t\t\t<h1 class=\"elementor-heading-title elementor-size-large\">Avukat ve Yeminli Terc\u00fcman <\/h1>\t\t\t\t<\/div>\n\t\t\t\t<\/div>\n\t\t\t\t\t<\/div>\n\t\t<\/div>\n\t\t\t\t\t<\/div>\n\t\t<\/section>\n\t\t\t\t<section class=\"elementor-section elementor-top-section elementor-element elementor-element-a9f5923 elementor-section-boxed elementor-section-height-default elementor-section-height-default\" data-id=\"a9f5923\" data-element_type=\"section\" data-e-type=\"section\">\n\t\t\t\t\t\t<div class=\"elementor-container elementor-column-gap-default\">\n\t\t\t\t\t<div class=\"elementor-column elementor-col-100 elementor-top-column elementor-element elementor-element-e0115d0\" data-id=\"e0115d0\" data-element_type=\"column\" data-e-type=\"column\">\n\t\t\t<div class=\"elementor-widget-wrap\">\n\t\t\t\t\t\t\t<\/div>\n\t\t<\/div>\n\t\t\t\t\t<\/div>\n\t\t<\/section>\n\t\t\t\t<section class=\"elementor-section elementor-top-section elementor-element elementor-element-abd9ba5 elementor-section-boxed elementor-section-height-default elementor-section-height-default\" data-id=\"abd9ba5\" data-element_type=\"section\" data-e-type=\"section\">\n\t\t\t\t\t\t<div class=\"elementor-container elementor-column-gap-default\">\n\t\t\t\t\t<div class=\"elementor-column elementor-col-100 elementor-top-column elementor-element elementor-element-5b84697\" data-id=\"5b84697\" data-element_type=\"column\" data-e-type=\"column\">\n\t\t\t<div class=\"elementor-widget-wrap elementor-element-populated\">\n\t\t\t\t\t\t<div class=\"elementor-element elementor-element-0d69c33 elementor-widget elementor-widget-image\" data-id=\"0d69c33\" data-element_type=\"widget\" data-e-type=\"widget\" data-widget_type=\"image.default\">\n\t\t\t\t<div class=\"elementor-widget-container\">\n\t\t\t\t\t\t\t\t\t\t\t\t\t\t\t<img fetchpriority=\"high\" decoding=\"async\" width=\"300\" height=\"200\" src=\"https:\/\/oeztuerk-recht.de\/wp-content\/uploads\/2020\/12\/43832518_m_waage-300x200.jpg\" class=\"attachment-medium size-medium wp-image-188\" alt=\"Rechtsanwalt \u00d6zt\u00fcrk in Limburg und in Gie\u00dfen. T\u00fcrk Avukat Salih G\u00f6khan \u00d6zt\u00fcrk Limburg ve Gie\u00dfen \u015fehirlerinde hizmet vermektedir. Ayr\u0131ca Yeminli Terc\u00fcman olarakta faaliyet g\u00f6stermektedir. Limburg ve Gie\u00dfen \u015fehirlerindeki ofislerimize bekleriz.\" srcset=\"https:\/\/oeztuerk-recht.de\/wp-content\/uploads\/2020\/12\/43832518_m_waage-300x200.jpg 300w, https:\/\/oeztuerk-recht.de\/wp-content\/uploads\/2020\/12\/43832518_m_waage-1024x683.jpg 1024w, https:\/\/oeztuerk-recht.de\/wp-content\/uploads\/2020\/12\/43832518_m_waage-768x512.jpg 768w, https:\/\/oeztuerk-recht.de\/wp-content\/uploads\/2020\/12\/43832518_m_waage-1536x1024.jpg 1536w, https:\/\/oeztuerk-recht.de\/wp-content\/uploads\/2020\/12\/43832518_m_waage-2048x1365.jpg 2048w\" sizes=\"100vw\" \/>\t\t\t\t\t\t\t\t\t\t\t\t\t\t\t<\/div>\n\t\t\t\t<\/div>\n\t\t\t\t<div class=\"elementor-element elementor-element-3e614b5e elementor-widget elementor-widget-text-editor\" data-id=\"3e614b5e\" data-element_type=\"widget\" data-e-type=\"widget\" data-widget_type=\"text-editor.default\">\n\t\t\t\t<div class=\"elementor-widget-container\">\n\t\t\t\t\t\t\t\t\t<p><span style=\"font-family: trebuchet ms, geneva, sans-serif;\"><\/span><\/p>\n<p><span style=\"font-size: 14pt;\"><span style=\"font-family: arial, helvetica, sans-serif;\">Limburg an der Lahn \u015fehrinde bulunan <strong>\u00d6zt\u00fcrk Hukuk<\/strong> B\u00fcrosu 2016 y\u0131l\u0131nda\u00a0<strong>T\u00fcrk<\/strong>\u00a0<strong>Avukat ve Yeminli Terc\u00fcman Salih G\u00f6khan \u00d6zt\u00fcrk<\/strong>\u00a0taraf\u0131ndan kurulmu\u015f olup\u00a0<strong>hukuki uyu\u015fmazl\u0131klar\u0131n<\/strong> <\/span><span style=\"font-family: arial, helvetica, sans-serif;\">her a\u015famas\u0131nda, m\u00fcmk\u00fcn olan en uygun s\u00fcrede ve vekil edenin haklar\u0131n\u0131 geni\u015f a\u00e7\u0131dan koruyacak \u015fekilde \u00e7\u00f6z\u00fcmler \u00fcretmeyi, hukuki yard\u0131mda bulunmay\u0131 kendisine ilke edinmi\u015ftir.<\/span><\/span><\/p>\n<p><span style=\"font-family: arial, helvetica, sans-serif; font-size: 14pt;\"><\/span><\/p>\n<p><span style=\"font-family: arial, helvetica, sans-serif; font-size: 14pt;\"><strong>Tecr\u00fcbeli t\u00fcrk Avukat, Ceza Uzman\u0131 Avukat Salih G\u00f6khan \u00d6zt\u00fcrk<\/strong>\u00a0ayr\u0131ca onayl\u0131\u00a0<strong>Yeminli Terc\u00fcman<\/strong>\u00a0olarkta faaliyet g\u00f6stermektedir. Her t\u00fcrl\u00fc, her dilde terc\u00fcme yap\u0131lmaktad\u0131r.\u00a0<\/span><\/p>\n<p><span style=\"font-family: arial, helvetica, sans-serif; font-size: 14pt;\"><\/span><\/p>\n<p><span style=\"font-family: arial, helvetica, sans-serif; font-size: 14pt;\">T\u00fcrk Avukat ve Yeminli Terc\u00fcman olarak <b>\u00e7ok yak\u0131n\u0131n\u0131zday\u0131z! <br \/><\/b><\/span><\/p>\n<p><span style=\"font-family: arial, helvetica, sans-serif; font-size: 14pt;\"><\/span><\/p>\n<p><span style=\"font-family: arial, helvetica, sans-serif; font-size: 14pt;\">Ofisimiz\u00a0hemen Limburg Parkhaus Mitte Otopark\u0131n\u0131n kar\u015f\u0131s\u0131nda bulunmaktad\u0131r. <br \/><\/span><\/p>\n<p><span style=\"font-family: arial, helvetica, sans-serif; font-size: 14pt;\"><\/span><\/p>\n<p><span style=\"font-family: arial, helvetica, sans-serif; font-size: 14pt;\"><\/span><\/p>\n<p><span style=\"font-family: arial, helvetica, sans-serif; font-size: 14pt;\">Bizimle her konuyu kendi dilinizde payla\u015fabilirsiniz. <br \/><\/span><\/p>\n<p><span style=\"font-family: trebuchet ms, geneva, sans-serif;\"><\/span><\/p>\t\t\t\t\t\t\t\t<\/div>\n\t\t\t\t<\/div>\n\t\t\t\t\t<\/div>\n\t\t<\/div>\n\t\t\t\t\t<\/div>\n\t\t<\/section>\n\t\t\t\t<section class=\"elementor-section elementor-top-section elementor-element elementor-element-63dfddd9 elementor-section-boxed elementor-section-height-default elementor-section-height-default\" data-id=\"63dfddd9\" data-element_type=\"section\" data-e-type=\"section\">\n\t\t\t\t\t\t<div class=\"elementor-container elementor-column-gap-default\">\n\t\t\t\t\t<div class=\"elementor-column elementor-col-100 elementor-top-column elementor-element elementor-element-196c5be4\" data-id=\"196c5be4\" data-element_type=\"column\" data-e-type=\"column\">\n\t\t\t<div class=\"elementor-widget-wrap elementor-element-populated\">\n\t\t\t\t\t\t<div class=\"elementor-element elementor-element-f8c0759 animated-slow elementor-align-justify elementor-invisible elementor-widget elementor-widget-button\" data-id=\"f8c0759\" data-element_type=\"widget\" data-e-type=\"widget\" data-settings=\"{&quot;_animation&quot;:&quot;bounceIn&quot;}\" data-widget_type=\"button.default\">\n\t\t\t\t<div class=\"elementor-widget-container\">\n\t\t\t\t\t\t\t\t\t<div class=\"elementor-button-wrapper\">\n\t\t\t\t\t<a class=\"elementor-button elementor-button-link elementor-size-md\" href=\"https:\/\/oeztuerk-recht.de\/?page_id=234\">\n\t\t\t\t\t\t<span class=\"elementor-button-content-wrapper\">\n\t\t\t\t\t\t<span class=\"elementor-button-icon\">\n\t\t\t\t<i aria-hidden=\"true\" class=\"fas fa-phone-square-alt\"><\/i>\t\t\t<\/span>\n\t\t\t\t\t\t\t\t\t<span class=\"elementor-button-text\">Detayl\u0131 bilgi i\u00e7in bize ula\u015f\u0131n\u0131z!<\/span>\n\t\t\t\t\t<\/span>\n\t\t\t\t\t<\/a>\n\t\t\t\t<\/div>\n\t\t\t\t\t\t\t\t<\/div>\n\t\t\t\t<\/div>\n\t\t\t\t\t<\/div>\n\t\t<\/div>\n\t\t\t\t\t<\/div>\n\t\t<\/section>\n\t\t\t\t<section class=\"elementor-section elementor-top-section elementor-element elementor-element-50323f2 elementor-section-boxed elementor-section-height-default elementor-section-height-default\" data-id=\"50323f2\" data-element_type=\"section\" data-e-type=\"section\">\n\t\t\t\t\t\t<div class=\"elementor-container elementor-column-gap-default\">\n\t\t\t\t\t<div class=\"elementor-column elementor-col-100 elementor-top-column elementor-element elementor-element-eda6a87\" data-id=\"eda6a87\" data-element_type=\"column\" data-e-type=\"column\">\n\t\t\t<div class=\"elementor-widget-wrap elementor-element-populated\">\n\t\t\t\t\t\t<div class=\"elementor-element elementor-element-c1b55d3 elementor-align-justify elementor-widget elementor-widget-button\" data-id=\"c1b55d3\" data-element_type=\"widget\" data-e-type=\"widget\" data-widget_type=\"button.default\">\n\t\t\t\t<div class=\"elementor-widget-container\">\n\t\t\t\t\t\t\t\t\t<div class=\"elementor-button-wrapper\">\n\t\t\t\t\t<a class=\"elementor-button elementor-button-link elementor-size-md\" href=\"https:\/\/oeztuerk-recht.de\/\">\n\t\t\t\t\t\t<span class=\"elementor-button-content-wrapper\">\n\t\t\t\t\t\t<span class=\"elementor-button-icon\">\n\t\t\t\t<i aria-hidden=\"true\" class=\"fas fa-home\"><\/i>\t\t\t<\/span>\n\t\t\t\t\t\t\t\t\t<span class=\"elementor-button-text\">Anasayfaya d\u00f6n\u00fcn\u00fcz<\/span>\n\t\t\t\t\t<\/span>\n\t\t\t\t\t<\/a>\n\t\t\t\t<\/div>\n\t\t\t\t\t\t\t\t<\/div>\n\t\t\t\t<\/div>\n\t\t\t\t\t<\/div>\n\t\t<\/div>\n\t\t\t\t\t<\/div>\n\t\t<\/section>\n\t\t\t\t<\/div>\n\t\t","protected":false},"excerpt":{"rendered":"<p>Avukat ve Yeminli Terc\u00fcman Limburg an der Lahn \u015fehrinde bulunan \u00d6zt\u00fcrk Hukuk B\u00fcrosu 2016 y\u0131l\u0131nda\u00a0T\u00fcrk\u00a0Avukat ve Yeminli Terc\u00fcman Salih G\u00f6khan \u00d6zt\u00fcrk\u00a0taraf\u0131ndan kurulmu\u015f olup\u00a0hukuki uyu\u015fmazl\u0131klar\u0131n her a\u015famas\u0131nda, m\u00fcmk\u00fcn olan en uygun s\u00fcrede ve vekil edenin haklar\u0131n\u0131 geni\u015f a\u00e7\u0131dan koruyacak \u015fekilde \u00e7\u00f6z\u00fcmler \u00fcretmeyi, hukuki yard\u0131mda bulunmay\u0131 kendisine ilke edinmi\u015ftir. Tecr\u00fcbeli t\u00fcrk Avukat, Ceza Uzman\u0131 Avukat Salih G\u00f6khan &hellip; <\/p>\n<p class=\"link-more\"><a href=\"https:\/\/oeztuerk-recht.de\/?page_id=39\" class=\"more-link\"><span class=\"screen-reader-text\">\u201eFaaliyet Alanlar\u0131m\u0131z (TR)\u201c <\/span>weiterlesen<\/a><\/p>\n","protected":false},"author":1,"featured_media":0,"parent":0,"menu_order":0,"comment_status":"closed","ping_status":"closed","template":"","meta":{"footnotes":""},"class_list":["post-39","page","type-page","status-publish","hentry"],"_links":{"self":[{"href":"https:\/\/oeztuerk-recht.de\/index.php?rest_route=\/wp\/v2\/pages\/39","targetHints":{"allow":["GET"]}}],"collection":[{"href":"https:\/\/oeztuerk-recht.de\/index.php?rest_route=\/wp\/v2\/pages"}],"about":[{"href":"https:\/\/oeztuerk-recht.de\/index.php?rest_route=\/wp\/v2\/types\/page"}],"author":[{"embeddable":true,"href":"https:\/\/oeztuerk-recht.de\/index.php?rest_route=\/wp\/v2\/users\/1"}],"replies":[{"embeddable":true,"href":"https:\/\/oeztuerk-recht.de\/index.php?rest_route=%2Fwp%2Fv2%2Fcomments&post=39"}],"version-history":[{"count":83,"href":"https:\/\/oeztuerk-recht.de\/index.php?rest_route=\/wp\/v2\/pages\/39\/revisions"}],"predecessor-version":[{"id":1076,"href":"https:\/\/oeztuerk-recht.de\/index.php?rest_route=\/wp\/v2\/pages\/39\/revisions\/1076"}],"wp:attachment":[{"href":"https:\/\/oeztuerk-recht.de\/index.php?rest_route=%2Fwp%2Fv2%2Fmedia&parent=39"}],"curies":[{"name":"wp","href":"https:\/\/api.w.org\/{rel}","templated":true}]}}